{"version":"1.0","provider_name":"GREAT-ARTMAG","provider_url":"https:\/\/great-artmag.com\/en\/","author_name":"Alexia Gugg\u00e9mos","author_url":"https:\/\/great-artmag.com\/en\/author\/admin5782\/","title":"Journ\u00e9es du patrimoine \u00e0 Paris : la gare Saint-Lazare face aux d\u00e9fis de la conservation - GREAT-ARTMAG","type":"rich","width":600,"height":338,"html":"<blockquote class=\"wp-embedded-content\" data-secret=\"HGnDaGJGZd\"><a href=\"https:\/\/great-artmag.com\/en\/journees-du-patrimoine-2026-paris\/\">Journ\u00e9es du patrimoine \u00e0 Paris : la gare Saint-Lazare face aux d\u00e9fis de la conservation<\/a><\/blockquote><iframe sandbox=\"allow-scripts\" security=\"restricted\" src=\"https:\/\/great-artmag.com\/en\/journees-du-patrimoine-2026-paris\/embed\/#?secret=HGnDaGJGZd\" width=\"600\" height=\"338\" title=\"&#8220;Journ\u00e9es du patrimoine \u00e0 Paris : la gare Saint-Lazare face aux d\u00e9fis de la conservation&#8221; &#8212; GREAT-ARTMAG\" data-secret=\"HGnDaGJGZd\" frameborder=\"0\" marginwidth=\"0\" marginheight=\"0\" scrolling=\"no\" class=\"wp-embedded-content\"><\/iframe><script type=\"text\/javascript\">\n\/* <![CDATA[ *\/\n\/*! This file is auto-generated *\/\n!function(d,l){\"use strict\";l.querySelector&&d.addEventListener&&\"undefined\"!=typeof URL&&(d.wp=d.wp||{},d.wp.receiveEmbedMessage||(d.wp.receiveEmbedMessage=function(e){var t=e.data;if((t||t.secret||t.message||t.value)&&!\/[^a-zA-Z0-9]\/.test(t.secret)){for(var s,r,n,a=l.querySelectorAll('iframe[data-secret=\"'+t.secret+'\"]'),o=l.querySelectorAll('blockquote[data-secret=\"'+t.secret+'\"]'),c=new RegExp(\"^https?:$\",\"i\"),i=0;i<o.length;i++)o[i].style.display=\"none\";for(i=0;i<a.length;i++)s=a[i],e.source===s.contentWindow&&(s.removeAttribute(\"style\"),\"height\"===t.message?(1e3<(r=parseInt(t.value,10))?r=1e3:~~r<200&&(r=200),s.height=r):\"link\"===t.message&&(r=new URL(s.getAttribute(\"src\")),n=new URL(t.value),c.test(n.protocol))&&n.host===r.host&&l.activeElement===s&&(d.top.location.href=t.value))}},d.addEventListener(\"message\",d.wp.receiveEmbedMessage,!1),l.addEventListener(\"DOMContentLoaded\",function(){for(var e,t,s=l.querySelectorAll(\"iframe.wp-embedded-content\"),r=0;r<s.length;r++)(t=(e=s[r]).getAttribute(\"data-secret\"))||(t=Math.random().toString(36).substring(2,12),e.src+=\"#?secret=\"+t,e.setAttribute(\"data-secret\",t)),e.contentWindow.postMessage({message:\"ready\",secret:t},\"*\")},!1)))}(window,document);\n\/\/# sourceURL=https:\/\/great-artmag.com\/wp-includes\/js\/wp-embed.min.js\n\/* ]]> *\/\n<\/script>\n","thumbnail_url":"https:\/\/great-artmag.com\/wp-content\/uploads\/2026\/02\/gare-saint-lazare.jpg","thumbnail_width":2000,"thumbnail_height":1000,"description":"Les Journ\u00e9es du patrimoine se d\u00e9roulent en 2026 du 19 au 20 septembre. La 43e \u00e9dition est plac\u00e9e sous le th\u00e8me \u00ab patrimoine en p\u00e9ril \u00bb. Une id\u00e9e de visite \u00e0 Paris ? La gare Saint-Lazare. Premi\u00e8re gare construite \u00e0 Paris, la gare Saint-Lazare incarne \u00e0 la fois l\u2019essor industriel du XIXe si\u00e8cle, l\u2019audace architecturale [&hellip;]"}